{"id":260,"date":"2018-01-17T16:58:40","date_gmt":"2018-01-17T16:58:40","guid":{"rendered":"https:\/\/vertidoscero.com\/?page_id=260"},"modified":"2026-03-30T10:42:46","modified_gmt":"2026-03-30T10:42:46","slug":"por-mas-metros-de-costas-limpias","status":"publish","type":"page","link":"https:\/\/vertidoscero.com\/en\/por-mas-metros-de-costas-limpias\/","title":{"rendered":"Por m\u00e1s metros de costas limpias"},"content":{"rendered":"<div data-elementor-type=\"wp-page\" data-elementor-id=\"260\" class=\"elementor elementor-260\" data-elementor-post-type=\"page\">\n\t\t\t\t\t\t<section class=\"elementor-section elementor-top-section elementor-element elementor-element-a13b145 elementor-section-height-min-height elementor-section-content-middle elementor-section-boxed elementor-section-height-default elementor-section-items-middle\" data-id=\"a13b145\" data-element_type=\"section\" data-e-type=\"section\" data-settings=\"{&quot;background_background&quot;:&quot;classic&quot;}\">\n\t\t\t\t\t\t\t<div class=\"elementor-background-overlay\"><\/div>\n\t\t\t\t\t\t\t<div class=\"elementor-container elementor-column-gap-default\">\n\t\t\t\t\t<div class=\"elementor-column elementor-col-100 elementor-top-column elementor-element elementor-element-182681ee\" data-id=\"182681ee\" data-element_type=\"column\" data-e-type=\"column\">\n\t\t\t<div class=\"elementor-widget-wrap elementor-element-populated\">\n\t\t\t\t\t\t<div class=\"elementor-element elementor-element-200ef622 elementor-invisible elementor-widget elementor-widget-text-editor\" data-id=\"200ef622\" data-element_type=\"widget\" data-e-type=\"widget\" data-settings=\"{&quot;_animation&quot;:&quot;fadeInDown&quot;}\" data-widget_type=\"text-editor.default\">\n\t\t\t\t<div class=\"elementor-widget-container\">\n\t\t\t\t\t\t\t\t\t<p style=\"text-align: left;\">PROYECTOS VERTIDOS CERO<\/p>\t\t\t\t\t\t\t\t<\/div>\n\t\t\t\t<\/div>\n\t\t\t\t<div class=\"elementor-element elementor-element-3baccbfc elementor-widget elementor-widget-heading\" data-id=\"3baccbfc\" data-element_type=\"widget\" data-e-type=\"widget\" data-widget_type=\"heading.default\">\n\t\t\t\t<div class=\"elementor-widget-container\">\n\t\t\t\t\t<h1 class=\"elementor-heading-title elementor-size-default\">ANTERIORES<\/h1>\t\t\t\t<\/div>\n\t\t\t\t<\/div>\n\t\t\t\t\t<\/div>\n\t\t<\/div>\n\t\t\t\t\t<\/div>\n\t\t<\/section>\n\t\t\t\t<section class=\"elementor-section elementor-top-section elementor-element elementor-element-2025fe8e elementor-section-content-middle elementor-section-boxed elementor-section-height-default elementor-section-height-default\" data-id=\"2025fe8e\" data-element_type=\"section\" data-e-type=\"section\">\n\t\t\t\t\t\t<div class=\"elementor-container elementor-column-gap-no\">\n\t\t\t\t\t<div class=\"elementor-column elementor-col-100 elementor-top-column elementor-element elementor-element-196ab69f\" data-id=\"196ab69f\" data-element_type=\"column\" data-e-type=\"column\">\n\t\t\t<div class=\"elementor-widget-wrap elementor-element-populated\">\n\t\t\t\t\t\t<div class=\"elementor-element elementor-element-ad5191 elementor-widget elementor-widget-heading\" data-id=\"ad5191\" data-element_type=\"widget\" data-e-type=\"widget\" data-widget_type=\"heading.default\">\n\t\t\t\t<div class=\"elementor-widget-container\">\n\t\t\t\t\t<h4 class=\"elementor-heading-title elementor-size-default\">POR M\u00c1S METROS DE COSTAS LIMPIAS<\/h4>\t\t\t\t<\/div>\n\t\t\t\t<\/div>\n\t\t\t\t<div class=\"elementor-element elementor-element-4fb110a2 elementor-widget elementor-widget-text-editor\" data-id=\"4fb110a2\" data-element_type=\"widget\" data-e-type=\"widget\" data-widget_type=\"text-editor.default\">\n\t\t\t\t<div class=\"elementor-widget-container\">\n\t\t\t\t\t\t\t\t\t<p class=\"style11\">El proyecto \u201cPor m\u00e1s metros de costas limpias\u201d es una iniciativa de Agua mineral natural Lanjar\u00f3n para reforzar su compromiso con el medio ambiente.<\/p><p class=\"style11\">El proyecto se llev\u00f3 a cabo junto a la\u00a0<a href=\"https:\/\/fundacionglobalnature.org\/\" target=\"_blank\" rel=\"noopener\">Fundaci\u00f3n Global Nature<\/a>, la\u00a0<strong>Asociaci\u00f3n Vertidos Cero<\/strong>\u00a0y la\u00a0<a href=\"http:\/\/paisajelimpio.com\/\" target=\"_blank\" rel=\"noopener\">Asociaci\u00f3n Paisaje Limpio<\/a>\u00a0con el apoyo de\u00a0<a href=\"https:\/\/www.ecoembes.com\/es\" target=\"_blank\" rel=\"noopener\">Ecoembes<\/a>\u00a0y la\u00a0<a href=\"https:\/\/ecoalf.com\/es\/shop\/es\/fundacion-ecoalf\/\" target=\"_blank\" rel=\"noopener\">Fundaci\u00f3n Ecoalf<\/a>.<\/p><p class=\"style11\">Como primer paso del proyecto y con motivo del D\u00eda Mundial de las Playas, dio comienzo la limpieza del <a href=\"http:\/\/www.parquesnaturales.gva.es\/web\/pn-l-albufera\" target=\"_blank\" rel=\"noopener\">Parc Natural de l\u00b4Albufera<\/a>\u00a0de Valencia durante un mes con el objetivo de concienciar a los visitantes.<\/p><p class=\"style11\">El objetivo de esta acci\u00f3n es aplicar a la Albufera una iniciativa de econom\u00eda circular basada en la retirada de residuos, su clasificaci\u00f3n y posterior reciclaje, adem\u00e1s de la concienciaci\u00f3n de los usuarios y visitantes del parque.<\/p>\t\t\t\t\t\t\t\t<\/div>\n\t\t\t\t<\/div>\n\t\t\t\t\t<\/div>\n\t\t<\/div>\n\t\t\t\t\t<\/div>\n\t\t<\/section>\n\t\t\t\t<section class=\"elementor-section elementor-top-section elementor-element elementor-element-359d1414 elementor-section-boxed elementor-section-height-default elementor-section-height-default\" data-id=\"359d1414\" data-element_type=\"section\" data-e-type=\"section\">\n\t\t\t\t\t\t<div class=\"elementor-container elementor-column-gap-default\">\n\t\t\t\t\t<div class=\"elementor-column elementor-col-100 elementor-top-column elementor-element elementor-element-27e6584c\" data-id=\"27e6584c\" data-element_type=\"column\" data-e-type=\"column\">\n\t\t\t<div class=\"elementor-widget-wrap elementor-element-populated\">\n\t\t\t\t\t\t<div class=\"elementor-element elementor-element-393bc147 elementor-widget elementor-widget-text-editor\" data-id=\"393bc147\" data-element_type=\"widget\" data-e-type=\"widget\" data-widget_type=\"text-editor.default\">\n\t\t\t\t<div class=\"elementor-widget-container\">\n\t\t\t\t\t\t\t\t\t<div align=\"justify\"><p class=\"style11\" style=\"text-align: left;\"><img fetchpriority=\"high\" decoding=\"async\" class=\"size-medium wp-image-219 aligncenter\" src=\"https:\/\/vertidoscero.com\/wp-content\/uploads\/2018\/01\/N41-300x239.jpg\" alt=\"\" width=\"300\" height=\"239\" srcset=\"https:\/\/vertidoscero.com\/wp-content\/uploads\/2018\/01\/N41-300x239.jpg 300w, https:\/\/vertidoscero.com\/wp-content\/uploads\/2018\/01\/N41-150x120.jpg 150w, https:\/\/vertidoscero.com\/wp-content\/uploads\/2018\/01\/N41.jpg 312w\" sizes=\"(max-width: 300px) 100vw, 300px\" \/><\/p><\/div>\t\t\t\t\t\t\t\t<\/div>\n\t\t\t\t<\/div>\n\t\t\t\t\t<\/div>\n\t\t<\/div>\n\t\t\t\t\t<\/div>\n\t\t<\/section>\n\t\t\t\t<\/div>","protected":false},"excerpt":{"rendered":"<p>PROYECTOS VERTIDOS CERO ANTERIORES POR M\u00c1S METROS DE COSTAS LIMPIAS El proyecto \u201cPor m\u00e1s metros de costas limpias\u201d es una iniciativa de Agua mineral natural Lanjar\u00f3n para reforzar su compromiso con el medio ambiente. El proyecto se llev\u00f3 a cabo junto a la\u00a0Fundaci\u00f3n Global Nature, la\u00a0Asociaci\u00f3n Vertidos Cero\u00a0y la\u00a0Asociaci\u00f3n Paisaje Limpio\u00a0con el apoyo de\u00a0Ecoembes\u00a0y la\u00a0Fundaci\u00f3n [&hellip;]<\/p>\n","protected":false},"author":1,"featured_media":0,"parent":0,"menu_order":0,"comment_status":"closed","ping_status":"closed","template":"","meta":{"_monsterinsights_skip_tracking":false,"_monsterinsights_sitenote_active":false,"_monsterinsights_sitenote_note":"","_monsterinsights_sitenote_category":0,"site-sidebar-layout":"default","site-content-layout":"","ast-site-content-layout":"default","site-content-style":"default","site-sidebar-style":"default","ast-global-header-display":"","ast-banner-title-visibility":"","ast-main-header-display":"","ast-hfb-above-header-display":"","ast-hfb-below-header-display":"","ast-hfb-mobile-header-display":"","site-post-title":"disabled","ast-breadcrumbs-content":"","ast-featured-img":"","footer-sml-layout":"","ast-disable-related-posts":"","theme-transparent-header-meta":"","adv-header-id-meta":"","stick-header-meta":"","header-above-stick-meta":"","header-main-stick-meta":"","header-below-stick-meta":"","astra-migrate-meta-layouts":"default","ast-page-background-enabled":"default","ast-page-background-meta":{"desktop":{"background-color":"var(--ast-global-color-4)","background-image":"","background-repeat":"repeat","background-position":"center center","background-size":"auto","background-attachment":"scroll","background-type":"","background-media":"","overlay-type":"","overlay-color":"","overlay-opacity":"","overlay-gradient":""},"tablet":{"background-color":"","background-image":"","background-repeat":"repeat","background-position":"center center","background-size":"auto","background-attachment":"scroll","background-type":"","background-media":"","overlay-type":"","overlay-color":"","overlay-opacity":"","overlay-gradient":""},"mobile":{"background-color":"","background-image":"","background-repeat":"repeat","background-position":"center center","background-size":"auto","background-attachment":"scroll","background-type":"","background-media":"","overlay-type":"","overlay-color":"","overlay-opacity":"","overlay-gradient":""}},"ast-content-background-meta":{"desktop":{"background-color":"var(--ast-global-color-5)","background-image":"","background-repeat":"repeat","background-position":"center center","background-size":"auto","background-attachment":"scroll","background-type":"","background-media":"","overlay-type":"","overlay-color":"","overlay-opacity":"","overlay-gradient":""},"tablet":{"background-color":"var(--ast-global-color-5)","background-image":"","background-repeat":"repeat","background-position":"center center","background-size":"auto","background-attachment":"scroll","background-type":"","background-media":"","overlay-type":"","overlay-color":"","overlay-opacity":"","overlay-gradient":""},"mobile":{"background-color":"var(--ast-global-color-5)","background-image":"","background-repeat":"repeat","background-position":"center center","background-size":"auto","background-attachment":"scroll","background-type":"","background-media":"","overlay-type":"","overlay-color":"","overlay-opacity":"","overlay-gradient":""}},"footnotes":""},"class_list":["post-260","page","type-page","status-publish","hentry"],"yoast_head":"<!-- This site is optimized with the Yoast SEO plugin v27.5 - https:\/\/yoast.com\/product\/yoast-seo-wordpress\/ -->\n<title>Por m\u00e1s metros de costas limpias - Asociaci\u00f3n Vertidos Cero<\/title>\n<meta name=\"robots\" content=\"index, follow, max-snippet:-1, max-image-preview:large, max-video-preview:-1\" \/>\n<link rel=\"canonical\" href=\"https:\/\/vertidoscero.com\/en\/por-mas-metros-de-costas-limpias\/\" \/>\n<meta property=\"og:locale\" content=\"en_GB\" \/>\n<meta property=\"og:type\" content=\"article\" \/>\n<meta property=\"og:title\" content=\"Por m\u00e1s metros de costas limpias - Asociaci\u00f3n Vertidos Cero\" \/>\n<meta property=\"og:description\" content=\"PROYECTOS VERTIDOS CERO ANTERIORES POR M\u00c1S METROS DE COSTAS LIMPIAS El proyecto \u201cPor m\u00e1s metros de costas limpias\u201d es una iniciativa de Agua mineral natural Lanjar\u00f3n para reforzar su compromiso con el medio ambiente. El proyecto se llev\u00f3 a cabo junto a la\u00a0Fundaci\u00f3n Global Nature, la\u00a0Asociaci\u00f3n Vertidos Cero\u00a0y la\u00a0Asociaci\u00f3n Paisaje Limpio\u00a0con el apoyo de\u00a0Ecoembes\u00a0y la\u00a0Fundaci\u00f3n [&hellip;]\" \/>\n<meta property=\"og:url\" content=\"https:\/\/vertidoscero.com\/en\/por-mas-metros-de-costas-limpias\/\" \/>\n<meta property=\"og:site_name\" content=\"Asociaci\u00f3n Vertidos Cero\" \/>\n<meta property=\"article:modified_time\" content=\"2026-03-30T10:42:46+00:00\" \/>\n<meta property=\"og:image\" content=\"https:\/\/vertidoscero.com\/wp-content\/uploads\/2018\/01\/N41.jpg\" \/>\n\t<meta property=\"og:image:width\" content=\"312\" \/>\n\t<meta property=\"og:image:height\" content=\"249\" \/>\n\t<meta property=\"og:image:type\" content=\"image\/jpeg\" \/>\n<meta name=\"twitter:card\" content=\"summary_large_image\" \/>\n<meta name=\"twitter:label1\" content=\"Estimated reading time\" \/>\n\t<meta name=\"twitter:data1\" content=\"1 minute\" \/>\n<script type=\"application\/ld+json\" class=\"yoast-schema-graph\">{\"@context\":\"https:\\\/\\\/schema.org\",\"@graph\":[{\"@type\":\"WebPage\",\"@id\":\"https:\\\/\\\/vertidoscero.com\\\/por-mas-metros-de-costas-limpias\\\/\",\"url\":\"https:\\\/\\\/vertidoscero.com\\\/por-mas-metros-de-costas-limpias\\\/\",\"name\":\"Por m\u00e1s metros de costas limpias - Asociaci\u00f3n Vertidos Cero\",\"isPartOf\":{\"@id\":\"https:\\\/\\\/vertidoscero.com\\\/#website\"},\"primaryImageOfPage\":{\"@id\":\"https:\\\/\\\/vertidoscero.com\\\/por-mas-metros-de-costas-limpias\\\/#primaryimage\"},\"image\":{\"@id\":\"https:\\\/\\\/vertidoscero.com\\\/por-mas-metros-de-costas-limpias\\\/#primaryimage\"},\"thumbnailUrl\":\"https:\\\/\\\/vertidoscero.com\\\/wp-content\\\/uploads\\\/2018\\\/01\\\/N41-300x239.jpg\",\"datePublished\":\"2018-01-17T16:58:40+00:00\",\"dateModified\":\"2026-03-30T10:42:46+00:00\",\"breadcrumb\":{\"@id\":\"https:\\\/\\\/vertidoscero.com\\\/por-mas-metros-de-costas-limpias\\\/#breadcrumb\"},\"inLanguage\":\"en-GB\",\"potentialAction\":[{\"@type\":\"ReadAction\",\"target\":[\"https:\\\/\\\/vertidoscero.com\\\/por-mas-metros-de-costas-limpias\\\/\"]}]},{\"@type\":\"ImageObject\",\"inLanguage\":\"en-GB\",\"@id\":\"https:\\\/\\\/vertidoscero.com\\\/por-mas-metros-de-costas-limpias\\\/#primaryimage\",\"url\":\"https:\\\/\\\/vertidoscero.com\\\/wp-content\\\/uploads\\\/2018\\\/01\\\/N41-300x239.jpg\",\"contentUrl\":\"https:\\\/\\\/vertidoscero.com\\\/wp-content\\\/uploads\\\/2018\\\/01\\\/N41-300x239.jpg\"},{\"@type\":\"BreadcrumbList\",\"@id\":\"https:\\\/\\\/vertidoscero.com\\\/por-mas-metros-de-costas-limpias\\\/#breadcrumb\",\"itemListElement\":[{\"@type\":\"ListItem\",\"position\":1,\"name\":\"Portada\",\"item\":\"https:\\\/\\\/vertidoscero.com\\\/\"},{\"@type\":\"ListItem\",\"position\":2,\"name\":\"Por m\u00e1s metros de costas limpias\"}]},{\"@type\":\"WebSite\",\"@id\":\"https:\\\/\\\/vertidoscero.com\\\/#website\",\"url\":\"https:\\\/\\\/vertidoscero.com\\\/\",\"name\":\"Asociaci\u00f3n Vertidos Cero\",\"description\":\"Asociaci\u00f3n Vertidos Cero para la prevenci\u00f3n, minimizaci\u00f3n y eliminaci\u00f3n de los vertidos\",\"publisher\":{\"@id\":\"https:\\\/\\\/vertidoscero.com\\\/#organization\"},\"potentialAction\":[{\"@type\":\"SearchAction\",\"target\":{\"@type\":\"EntryPoint\",\"urlTemplate\":\"https:\\\/\\\/vertidoscero.com\\\/?s={search_term_string}\"},\"query-input\":{\"@type\":\"PropertyValueSpecification\",\"valueRequired\":true,\"valueName\":\"search_term_string\"}}],\"inLanguage\":\"en-GB\"},{\"@type\":\"Organization\",\"@id\":\"https:\\\/\\\/vertidoscero.com\\\/#organization\",\"name\":\"Asociaci\u00f3n Vertidos Cero\",\"url\":\"https:\\\/\\\/vertidoscero.com\\\/\",\"logo\":{\"@type\":\"ImageObject\",\"inLanguage\":\"en-GB\",\"@id\":\"https:\\\/\\\/vertidoscero.com\\\/#\\\/schema\\\/logo\\\/image\\\/\",\"url\":\"https:\\\/\\\/vertidoscero.com\\\/wp-content\\\/uploads\\\/2023\\\/05\\\/cropped-Recurso-12.png\",\"contentUrl\":\"https:\\\/\\\/vertidoscero.com\\\/wp-content\\\/uploads\\\/2023\\\/05\\\/cropped-Recurso-12.png\",\"width\":1070,\"height\":1108,\"caption\":\"Asociaci\u00f3n Vertidos Cero\"},\"image\":{\"@id\":\"https:\\\/\\\/vertidoscero.com\\\/#\\\/schema\\\/logo\\\/image\\\/\"}}]}<\/script>\n<!-- \/ Yoast SEO plugin. -->","yoast_head_json":{"title":"Por m\u00e1s metros de costas limpias - Asociaci\u00f3n Vertidos Cero","robots":{"index":"index","follow":"follow","max-snippet":"max-snippet:-1","max-image-preview":"max-image-preview:large","max-video-preview":"max-video-preview:-1"},"canonical":"https:\/\/vertidoscero.com\/en\/por-mas-metros-de-costas-limpias\/","og_locale":"en_GB","og_type":"article","og_title":"Por m\u00e1s metros de costas limpias - Asociaci\u00f3n Vertidos Cero","og_description":"PROYECTOS VERTIDOS CERO ANTERIORES POR M\u00c1S METROS DE COSTAS LIMPIAS El proyecto \u201cPor m\u00e1s metros de costas limpias\u201d es una iniciativa de Agua mineral natural Lanjar\u00f3n para reforzar su compromiso con el medio ambiente. El proyecto se llev\u00f3 a cabo junto a la\u00a0Fundaci\u00f3n Global Nature, la\u00a0Asociaci\u00f3n Vertidos Cero\u00a0y la\u00a0Asociaci\u00f3n Paisaje Limpio\u00a0con el apoyo de\u00a0Ecoembes\u00a0y la\u00a0Fundaci\u00f3n [&hellip;]","og_url":"https:\/\/vertidoscero.com\/en\/por-mas-metros-de-costas-limpias\/","og_site_name":"Asociaci\u00f3n Vertidos Cero","article_modified_time":"2026-03-30T10:42:46+00:00","og_image":[{"width":312,"height":249,"url":"https:\/\/vertidoscero.com\/wp-content\/uploads\/2018\/01\/N41.jpg","type":"image\/jpeg"}],"twitter_card":"summary_large_image","twitter_misc":{"Estimated reading time":"1 minute"},"schema":{"@context":"https:\/\/schema.org","@graph":[{"@type":"WebPage","@id":"https:\/\/vertidoscero.com\/por-mas-metros-de-costas-limpias\/","url":"https:\/\/vertidoscero.com\/por-mas-metros-de-costas-limpias\/","name":"Por m\u00e1s metros de costas limpias - Asociaci\u00f3n Vertidos Cero","isPartOf":{"@id":"https:\/\/vertidoscero.com\/#website"},"primaryImageOfPage":{"@id":"https:\/\/vertidoscero.com\/por-mas-metros-de-costas-limpias\/#primaryimage"},"image":{"@id":"https:\/\/vertidoscero.com\/por-mas-metros-de-costas-limpias\/#primaryimage"},"thumbnailUrl":"https:\/\/vertidoscero.com\/wp-content\/uploads\/2018\/01\/N41-300x239.jpg","datePublished":"2018-01-17T16:58:40+00:00","dateModified":"2026-03-30T10:42:46+00:00","breadcrumb":{"@id":"https:\/\/vertidoscero.com\/por-mas-metros-de-costas-limpias\/#breadcrumb"},"inLanguage":"en-GB","potentialAction":[{"@type":"ReadAction","target":["https:\/\/vertidoscero.com\/por-mas-metros-de-costas-limpias\/"]}]},{"@type":"ImageObject","inLanguage":"en-GB","@id":"https:\/\/vertidoscero.com\/por-mas-metros-de-costas-limpias\/#primaryimage","url":"https:\/\/vertidoscero.com\/wp-content\/uploads\/2018\/01\/N41-300x239.jpg","contentUrl":"https:\/\/vertidoscero.com\/wp-content\/uploads\/2018\/01\/N41-300x239.jpg"},{"@type":"BreadcrumbList","@id":"https:\/\/vertidoscero.com\/por-mas-metros-de-costas-limpias\/#breadcrumb","itemListElement":[{"@type":"ListItem","position":1,"name":"Portada","item":"https:\/\/vertidoscero.com\/"},{"@type":"ListItem","position":2,"name":"Por m\u00e1s metros de costas limpias"}]},{"@type":"WebSite","@id":"https:\/\/vertidoscero.com\/#website","url":"https:\/\/vertidoscero.com\/","name":"Asociaci\u00f3n Vertidos Cero","description":"Asociaci\u00f3n Vertidos Cero para la prevenci\u00f3n, minimizaci\u00f3n y eliminaci\u00f3n de los vertidos","publisher":{"@id":"https:\/\/vertidoscero.com\/#organization"},"potentialAction":[{"@type":"SearchAction","target":{"@type":"EntryPoint","urlTemplate":"https:\/\/vertidoscero.com\/?s={search_term_string}"},"query-input":{"@type":"PropertyValueSpecification","valueRequired":true,"valueName":"search_term_string"}}],"inLanguage":"en-GB"},{"@type":"Organization","@id":"https:\/\/vertidoscero.com\/#organization","name":"Asociaci\u00f3n Vertidos Cero","url":"https:\/\/vertidoscero.com\/","logo":{"@type":"ImageObject","inLanguage":"en-GB","@id":"https:\/\/vertidoscero.com\/#\/schema\/logo\/image\/","url":"https:\/\/vertidoscero.com\/wp-content\/uploads\/2023\/05\/cropped-Recurso-12.png","contentUrl":"https:\/\/vertidoscero.com\/wp-content\/uploads\/2023\/05\/cropped-Recurso-12.png","width":1070,"height":1108,"caption":"Asociaci\u00f3n Vertidos Cero"},"image":{"@id":"https:\/\/vertidoscero.com\/#\/schema\/logo\/image\/"}}]}},"rttpg_featured_image_url":null,"rttpg_author":{"display_name":"admin3617","author_link":"https:\/\/vertidoscero.com\/en\/author\/admin3617\/"},"rttpg_comment":0,"rttpg_category":null,"rttpg_excerpt":"PROYECTOS VERTIDOS CERO ANTERIORES POR M\u00c1S METROS DE COSTAS LIMPIAS El proyecto \u201cPor m\u00e1s metros de costas limpias\u201d es una iniciativa de Agua mineral natural Lanjar\u00f3n para reforzar su compromiso con el medio ambiente. El proyecto se llev\u00f3 a cabo junto a la\u00a0Fundaci\u00f3n Global Nature, la\u00a0Asociaci\u00f3n Vertidos Cero\u00a0y la\u00a0Asociaci\u00f3n Paisaje Limpio\u00a0con el apoyo de\u00a0Ecoembes\u00a0y la\u00a0Fundaci\u00f3n&hellip;","_links":{"self":[{"href":"https:\/\/vertidoscero.com\/en\/wp-json\/wp\/v2\/pages\/260","targetHints":{"allow":["GET"]}}],"collection":[{"href":"https:\/\/vertidoscero.com\/en\/wp-json\/wp\/v2\/pages"}],"about":[{"href":"https:\/\/vertidoscero.com\/en\/wp-json\/wp\/v2\/types\/page"}],"author":[{"embeddable":true,"href":"https:\/\/vertidoscero.com\/en\/wp-json\/wp\/v2\/users\/1"}],"replies":[{"embeddable":true,"href":"https:\/\/vertidoscero.com\/en\/wp-json\/wp\/v2\/comments?post=260"}],"version-history":[{"count":2,"href":"https:\/\/vertidoscero.com\/en\/wp-json\/wp\/v2\/pages\/260\/revisions"}],"predecessor-version":[{"id":9192,"href":"https:\/\/vertidoscero.com\/en\/wp-json\/wp\/v2\/pages\/260\/revisions\/9192"}],"wp:attachment":[{"href":"https:\/\/vertidoscero.com\/en\/wp-json\/wp\/v2\/media?parent=260"}],"curies":[{"name":"wp","href":"https:\/\/api.w.org\/{rel}","templated":true}]}}